{"id":396,"date":"2023-11-30T15:29:39","date_gmt":"2023-11-30T14:29:39","guid":{"rendered":"https:\/\/dev.saller-bau.com\/?page_id=396"},"modified":"2025-05-23T12:59:28","modified_gmt":"2025-05-23T10:59:28","slug":"nadruk","status":"publish","type":"page","link":"https:\/\/jobs.saller-bau.com\/pl\/nadruk\/","title":{"rendered":"Nadruk"},"content":{"rendered":"\t\t<div data-elementor-type=\"wp-page\" data-elementor-id=\"396\" class=\"elementor elementor-396 elementor-386\" data-elementor-post-type=\"page\">\n\t\t\t\t<div class=\"elementor-element elementor-element-a6dd217 e-flex e-con-boxed e-con e-parent\" data-id=\"a6dd217\" data-element_type=\"container\" data-e-type=\"container\">\n\t\t\t\t\t<div class=\"e-con-inner\">\n\t\t\t\t<div class=\"elementor-element elementor-element-138e3ff elementor-widget elementor-widget-text-editor\" data-id=\"138e3ff\" data-element_type=\"widget\" data-e-type=\"widget\" data-widget_type=\"text-editor.default\">\n\t\t\t\t<div class=\"elementor-widget-container\">\n\t\t\t\t\t\t\t\t\t<p data-start=\"47\" data-end=\"127\"><strong data-start=\"47\" data-end=\"78\">Saller Dienstleistungs GmbH<\/strong><br data-start=\"78\" data-end=\"81\" \/>In der Buttergrube 9<br data-start=\"101\" data-end=\"104\" \/>99428 Weimar, Niemcy<\/p><p data-start=\"129\" data-end=\"172\">Uprawniony do reprezentacji: Josef Saller<\/p><p data-start=\"174\" data-end=\"270\">Tel: +49 (0) 36 43 \/ 86 74 900<br data-start=\"204\" data-end=\"207\" \/>Faks: +49 (0) 36 43 \/ 86 74 198<br data-start=\"238\" data-end=\"241\" \/>E-mail: <a class=\"cursor-pointer\" rel=\"noopener\" data-start=\"249\" data-end=\"268\">info@saller-bau.com<\/a><\/p><p data-start=\"272\" data-end=\"375\">S\u0105d rejestrowy: S\u0105d Rejonowy w Jenie, Niemcy<br data-start=\"308\" data-end=\"311\" \/>Numer rejestru handlowego: HRB 516291<br data-start=\"348\" data-end=\"351\" \/>NIP UE: DE 327 394 002<\/p>\t\t\t\t\t\t\t\t<\/div>\n\t\t\t\t<\/div>\n\t\t\t\t\t<\/div>\n\t\t\t\t<\/div>\n\t\t<div class=\"elementor-element elementor-element-224d63e e-flex e-con-boxed e-con e-parent\" data-id=\"224d63e\" data-element_type=\"container\" data-e-type=\"container\">\n\t\t\t\t\t<div class=\"e-con-inner\">\n\t\t\t\t<div class=\"elementor-element elementor-element-f3b43a6 elementor-widget elementor-widget-heading\" data-id=\"f3b43a6\" data-element_type=\"widget\" data-e-type=\"widget\" data-widget_type=\"heading.default\">\n\t\t\t\t<div class=\"elementor-widget-container\">\n\t\t\t\t\t<h2 class=\"elementor-heading-title elementor-size-default\">INFORMACJE PRAWNE<\/h2>\t\t\t\t<\/div>\n\t\t\t\t<\/div>\n\t\t\t\t\t<\/div>\n\t\t\t\t<\/div>\n\t\t<div class=\"elementor-element elementor-element-170ef56 e-flex e-con-boxed e-con e-parent\" data-id=\"170ef56\" data-element_type=\"container\" data-e-type=\"container\">\n\t\t\t\t\t<div class=\"e-con-inner\">\n\t\t\t\t<div class=\"elementor-element elementor-element-3a3dd53 elementor-widget elementor-widget-text-editor\" data-id=\"3a3dd53\" data-element_type=\"widget\" data-e-type=\"widget\" data-widget_type=\"text-editor.default\">\n\t\t\t\t<div class=\"elementor-widget-container\">\n\t\t\t\t\t\t\t\t\t<p data-start=\"382\" data-end=\"863\">Korzystaj\u0105c z tej strony internetowej, wyra\u017caj\u0105 Pa\u0144stwo zgod\u0119 na nasze Warunki u\u017cytkowania oraz inne obowi\u0105zuj\u0105ce przepisy prawa internetowego. Prosimy o dok\u0142adne zapoznanie si\u0119 z naszymi Warunkami u\u017cytkowania. Obowi\u0105zuj\u0105 one dla wszystkich wizyt i korzystania z niniejszej witryny, a tak\u017ce dla tre\u015bci, danych, zalece\u0144 i\/lub us\u0142ug dost\u0119pnych na stronie lub za jej po\u015brednictwem. Je\u015bli nie zgadzaj\u0105 si\u0119 Pa\u0144stwo z tymi warunkami, prosimy o opuszczenie strony.<\/p><p data-start=\"865\" data-end=\"1276\">Strona internetowa jest nasz\u0105 w\u0142asno\u015bci\u0105 \u2013 wszystkie jej elementy s\u0105 prawnie chronione. Kopiowanie oraz jakiekolwiek inne wykorzystywanie tre\u015bci bez naszej wyra\u017anej zgody jest zabronione. Nie gwarantujemy dok\u0142adno\u015bci, aktualno\u015bci ani kompletno\u015bci danych i tre\u015bci, jak r\u00f3wnie\u017c nieprzerwanego i bezb\u0142\u0119dnego dzia\u0142ania witryny. Zastrzegamy sobie prawo do usuni\u0119cia strony lub jej cz\u0119\u015bci z sieci w dowolnym momencie.<\/p><p data-start=\"1278\" data-end=\"1952\">Nie wolno u\u017cywa\u0107 naszej strony do przesy\u0142ania lub udost\u0119pniania materia\u0142\u00f3w, kt\u00f3re s\u0105 lub mog\u0105 by\u0107 bezprawne, gro\u017c\u0105ce, b\u0142\u0119dne, wprowadzaj\u0105ce w b\u0142\u0105d, podburzaj\u0105ce, oszczercze, naruszaj\u0105ce prywatno\u015b\u0107, obsceniczne, pornograficzne, obra\u017aliwe, dyskryminuj\u0105ce, nielegalne lub mog\u0105 by\u0107 uznane za przest\u0119pstwo b\u0105d\u017a nawo\u0142ywanie do przest\u0119pstwa, naruszaj\u0105 prawa os\u00f3b trzecich lub mog\u0105 powodowa\u0107 odpowiedzialno\u015b\u0107 cywiln\u0105, b\u0105d\u017a naruszaj\u0105 obowi\u0105zuj\u0105ce przepisy prawa. Jakiekolwiek kopiowanie, rozpowszechnianie, przechowywanie, przesy\u0142anie oraz odtwarzanie czy przekazywanie tre\u015bci bez naszej pisemnej zgody jest wyra\u017anie zabronione. Dalsze informacje mo\u017cna uzyska\u0107 pod powy\u017cszym adresem.<\/p><p data-start=\"1954\" data-end=\"2689\">Linki do zewn\u0119trznych stron internetowych nie s\u0105 obj\u0119te nasz\u0105 odpowiedzialno\u015bci\u0105 \u2013 nie ponosimy odpowiedzialno\u015bci za tre\u015b\u0107 ani dzia\u0142ania na tych stronach. Wyra\u017anie zaznaczamy, \u017ce nie mamy wp\u0142ywu na wygl\u0105d ani zawarto\u015b\u0107 stron, do kt\u00f3rych prowadz\u0105 linki. Dlatego wyra\u017anie dystansujemy si\u0119 od wszelkich tre\u015bci znajduj\u0105cych si\u0119 na stronach, do kt\u00f3rych prowadz\u0105 linki na ca\u0142ej naszej stronie internetowej, w tym wszystkich podstron, podlink\u00f3w i innych mechanizm\u00f3w przekierowuj\u0105cych. Niniejsze o\u015bwiadczenie odnosi si\u0119 do wszystkich link\u00f3w zamieszczonych na tej stronie g\u0142\u00f3wnej oraz wszystkich tre\u015bci stron, do kt\u00f3rych prowadz\u0105 linki, banery lub inne po\u0142\u0105czenia. Odwiedzanie\/dost\u0119p do tych stron odbywa si\u0119 wy\u0142\u0105cznie na Pa\u0144stwa w\u0142asne ryzyko.<\/p>\t\t\t\t\t\t\t\t<\/div>\n\t\t\t\t<\/div>\n\t\t\t\t\t<\/div>\n\t\t\t\t<\/div>\n\t\t\t\t<\/div>\n\t\t","protected":false},"excerpt":{"rendered":"Saller Dienstleistungs GmbHIn der Buttergrube 999428 Weimar, Niemcy Uprawniony do reprezentacji: Josef Saller Tel: +49 (0) 36 43 \/ 86 74 900Faks: +49 (0) 36 43 \/ 86 74 198E-mail: info@saller-bau.com S\u0105d rejestrowy: S\u0105d Rejonowy w Jenie, NiemcyNumer rejestru handlowego: HRB 516291NIP UE: DE 327 394 002 INFORMACJE PRAWNE Korzystaj\u0105c z tej strony internetowej, wyra\u017caj\u0105 [&#8230;]<p><a class=\"btn btn-secondary understrap-read-more-link\" href=\"https:\/\/jobs.saller-bau.com\/pl\/nadruk\/\">Czytaj dalej\u2026<span class=\"screen-reader-text\"> from Nadruk<\/span><\/a><\/p>","protected":false},"author":1,"featured_media":0,"parent":0,"menu_order":0,"comment_status":"closed","ping_status":"closed","template":"","meta":{"_acf_changed":false,"inline_featured_image":false,"pgc_sgb_lightbox_settings":"","footnotes":""},"class_list":["post-396","page","type-page","status-publish","hentry"],"acf":[],"featured_image_src":null,"yoast_head":"<!-- This site is optimized with the Yoast SEO plugin v27.4 - https:\/\/yoast.com\/product\/yoast-seo-wordpress\/ -->\n<title>Nadruk - Saller<\/title>\n<meta name=\"robots\" content=\"index, follow, max-snippet:-1, max-image-preview:large, max-video-preview:-1\" \/>\n<link rel=\"canonical\" href=\"https:\/\/jobs.saller-bau.com\/pl\/nadruk\/\" \/>\n<meta property=\"og:locale\" content=\"pl_PL\" \/>\n<meta property=\"og:type\" content=\"article\" \/>\n<meta property=\"og:title\" content=\"Nadruk - Saller\" \/>\n<meta property=\"og:description\" content=\"Saller Dienstleistungs GmbHIn der Buttergrube 999428 Weimar, Niemcy Uprawniony do reprezentacji: Josef Saller Tel: +49 (0) 36 43 \/ 86 74 900Faks: +49 (0) 36 43 \/ 86 74 198E-mail: info@saller-bau.com S\u0105d rejestrowy: S\u0105d Rejonowy w Jenie, NiemcyNumer rejestru handlowego: HRB 516291NIP UE: DE 327 394 002 INFORMACJE PRAWNE Korzystaj\u0105c z tej strony internetowej, wyra\u017caj\u0105 [...]Czytaj dalej\u2026 from Nadruk\" \/>\n<meta property=\"og:url\" content=\"https:\/\/jobs.saller-bau.com\/pl\/nadruk\/\" \/>\n<meta property=\"og:site_name\" content=\"Saller\" \/>\n<meta property=\"article:modified_time\" content=\"2025-05-23T10:59:28+00:00\" \/>\n<meta name=\"twitter:card\" content=\"summary_large_image\" \/>\n<meta name=\"twitter:label1\" content=\"Szacowany czas czytania\" \/>\n\t<meta name=\"twitter:data1\" content=\"3 minuty\" \/>\n<script type=\"application\/ld+json\" class=\"yoast-schema-graph\">{\"@context\":\"https:\\\/\\\/schema.org\",\"@graph\":[{\"@type\":\"WebPage\",\"@id\":\"https:\\\/\\\/jobs.saller-bau.com\\\/pl\\\/nadruk\\\/\",\"url\":\"https:\\\/\\\/jobs.saller-bau.com\\\/pl\\\/nadruk\\\/\",\"name\":\"Nadruk - Saller\",\"isPartOf\":{\"@id\":\"https:\\\/\\\/jobs.saller-bau.com\\\/pl\\\/#website\"},\"datePublished\":\"2023-11-30T14:29:39+00:00\",\"dateModified\":\"2025-05-23T10:59:28+00:00\",\"breadcrumb\":{\"@id\":\"https:\\\/\\\/jobs.saller-bau.com\\\/pl\\\/nadruk\\\/#breadcrumb\"},\"inLanguage\":\"pl-PL\",\"potentialAction\":[{\"@type\":\"ReadAction\",\"target\":[\"https:\\\/\\\/jobs.saller-bau.com\\\/pl\\\/nadruk\\\/\"]}]},{\"@type\":\"BreadcrumbList\",\"@id\":\"https:\\\/\\\/jobs.saller-bau.com\\\/pl\\\/nadruk\\\/#breadcrumb\",\"itemListElement\":[{\"@type\":\"ListItem\",\"position\":1,\"name\":\"Startseite\",\"item\":\"https:\\\/\\\/jobs.saller-bau.com\\\/pl\\\/\"},{\"@type\":\"ListItem\",\"position\":2,\"name\":\"Nadruk\"}]},{\"@type\":\"WebSite\",\"@id\":\"https:\\\/\\\/jobs.saller-bau.com\\\/pl\\\/#website\",\"url\":\"https:\\\/\\\/jobs.saller-bau.com\\\/pl\\\/\",\"name\":\"Saller\",\"description\":\"\",\"potentialAction\":[{\"@type\":\"SearchAction\",\"target\":{\"@type\":\"EntryPoint\",\"urlTemplate\":\"https:\\\/\\\/jobs.saller-bau.com\\\/pl\\\/?s={search_term_string}\"},\"query-input\":{\"@type\":\"PropertyValueSpecification\",\"valueRequired\":true,\"valueName\":\"search_term_string\"}}],\"inLanguage\":\"pl-PL\"}]}<\/script>\n<!-- \/ Yoast SEO plugin. -->","yoast_head_json":{"title":"Nadruk - Saller","robots":{"index":"index","follow":"follow","max-snippet":"max-snippet:-1","max-image-preview":"max-image-preview:large","max-video-preview":"max-video-preview:-1"},"canonical":"https:\/\/jobs.saller-bau.com\/pl\/nadruk\/","og_locale":"pl_PL","og_type":"article","og_title":"Nadruk - Saller","og_description":"Saller Dienstleistungs GmbHIn der Buttergrube 999428 Weimar, Niemcy Uprawniony do reprezentacji: Josef Saller Tel: +49 (0) 36 43 \/ 86 74 900Faks: +49 (0) 36 43 \/ 86 74 198E-mail: info@saller-bau.com S\u0105d rejestrowy: S\u0105d Rejonowy w Jenie, NiemcyNumer rejestru handlowego: HRB 516291NIP UE: DE 327 394 002 INFORMACJE PRAWNE Korzystaj\u0105c z tej strony internetowej, wyra\u017caj\u0105 [...]Czytaj dalej\u2026 from Nadruk","og_url":"https:\/\/jobs.saller-bau.com\/pl\/nadruk\/","og_site_name":"Saller","article_modified_time":"2025-05-23T10:59:28+00:00","twitter_card":"summary_large_image","twitter_misc":{"Szacowany czas czytania":"3 minuty"},"schema":{"@context":"https:\/\/schema.org","@graph":[{"@type":"WebPage","@id":"https:\/\/jobs.saller-bau.com\/pl\/nadruk\/","url":"https:\/\/jobs.saller-bau.com\/pl\/nadruk\/","name":"Nadruk - Saller","isPartOf":{"@id":"https:\/\/jobs.saller-bau.com\/pl\/#website"},"datePublished":"2023-11-30T14:29:39+00:00","dateModified":"2025-05-23T10:59:28+00:00","breadcrumb":{"@id":"https:\/\/jobs.saller-bau.com\/pl\/nadruk\/#breadcrumb"},"inLanguage":"pl-PL","potentialAction":[{"@type":"ReadAction","target":["https:\/\/jobs.saller-bau.com\/pl\/nadruk\/"]}]},{"@type":"BreadcrumbList","@id":"https:\/\/jobs.saller-bau.com\/pl\/nadruk\/#breadcrumb","itemListElement":[{"@type":"ListItem","position":1,"name":"Startseite","item":"https:\/\/jobs.saller-bau.com\/pl\/"},{"@type":"ListItem","position":2,"name":"Nadruk"}]},{"@type":"WebSite","@id":"https:\/\/jobs.saller-bau.com\/pl\/#website","url":"https:\/\/jobs.saller-bau.com\/pl\/","name":"Saller","description":"","potentialAction":[{"@type":"SearchAction","target":{"@type":"EntryPoint","urlTemplate":"https:\/\/jobs.saller-bau.com\/pl\/?s={search_term_string}"},"query-input":{"@type":"PropertyValueSpecification","valueRequired":true,"valueName":"search_term_string"}}],"inLanguage":"pl-PL"}]}},"_links":{"self":[{"href":"https:\/\/jobs.saller-bau.com\/pl\/wp-json\/wp\/v2\/pages\/396","targetHints":{"allow":["GET"]}}],"collection":[{"href":"https:\/\/jobs.saller-bau.com\/pl\/wp-json\/wp\/v2\/pages"}],"about":[{"href":"https:\/\/jobs.saller-bau.com\/pl\/wp-json\/wp\/v2\/types\/page"}],"author":[{"embeddable":true,"href":"https:\/\/jobs.saller-bau.com\/pl\/wp-json\/wp\/v2\/users\/1"}],"replies":[{"embeddable":true,"href":"https:\/\/jobs.saller-bau.com\/pl\/wp-json\/wp\/v2\/comments?post=396"}],"version-history":[{"count":10,"href":"https:\/\/jobs.saller-bau.com\/pl\/wp-json\/wp\/v2\/pages\/396\/revisions"}],"predecessor-version":[{"id":7338,"href":"https:\/\/jobs.saller-bau.com\/pl\/wp-json\/wp\/v2\/pages\/396\/revisions\/7338"}],"wp:attachment":[{"href":"https:\/\/jobs.saller-bau.com\/pl\/wp-json\/wp\/v2\/media?parent=396"}],"curies":[{"name":"wp","href":"https:\/\/api.w.org\/{rel}","templated":true}]}}